{"id":70118,"date":"2025-12-23T09:43:46","date_gmt":"2025-12-23T09:43:46","guid":{"rendered":"https:\/\/revista-apunts.com\/tablas\/tabla-1-163-03\/"},"modified":"2025-12-23T17:38:37","modified_gmt":"2025-12-23T17:38:37","slug":"tabla-1-163-03","status":"publish","type":"tablas","link":"https:\/\/revista-apunts.com\/ca\/tablas\/tabla-1-163-03\/","title":{"rendered":"Taula 1 \u2013 163.03"},"content":{"rendered":"\n<h2 class=\"wp-block-heading\">Taula 1<\/h2>\n\n\n\n<p><em><em><em><em><em><em><em><em>\u00cdtems i preguntes obertes de qu\u00e8 es compon DICAT<br><\/em><\/em><\/em><\/em><\/em><\/em><\/em><\/em><\/p>\n\n\n\n<table class=\"wp-block-advgb-table advgb-table-frontend\"><tbody><tr><td style=\"border-top-color:#000;border-bottom-color:#000\">\u00cdtem o pregunta oberta<\/td><td style=\"border-top-color:#000;border-bottom-color:#000\">Descripci\u00f3<\/td><\/tr><tr><td>\u00cdtem de quantitat<\/td><td>Nombre d&#8217;accions motrius* fetes per la persona.<\/td><\/tr><tr><td>\u00cdtem de varietat &#8211; a<\/td><td>Diversitat de les accions motrius fetes per la persona tenint en compte que utilitza categories diferents (despla\u00e7aments, girs en els tres eixos de l&#8217;espai, salts, equilibris, canvis de nivell, etc.).<\/td><\/tr><tr><td>\u00cdtem de varietat &#8211; b<\/td><td>Diversitat de les accions motrius fetes per la persona tenint en compte la difer\u00e8ncia entre elles, encara que siguin de la mateixa categoria (\u00fas de parts del cos diferents, ritmes diferents, qualitats de moviment diferents, etc.).<\/td><\/tr><tr><td>\u00cdtem d&#8217;originalitat<\/td><td>Accions infreq\u00fcents, noves i \u00faniques fetes per la persona.<\/td><\/tr><tr><td>\u00cdtem d&#8217;elaboraci\u00f3<\/td><td>Accions amb cert nivell de complexitat en la seva construcci\u00f3 i\/o realitzaci\u00f3.<\/td><\/tr><tr><td>\u00cdtem d&#8217;inter\u00e8s est\u00e8tic<\/td><td>Valor art\u00edstic de la composici\u00f3, grau d&#8217;impressi\u00f3 sensible i emocional generada en l\u2019espectador<\/td><\/tr><tr><td>Pregunta oberta &#8211; a<\/td><td>Si considera que hi ha hagut alguna acci\u00f3 original, descrigui-la i expliqui el perqu\u00e8 de l&#8217;esmentada originalitat.<\/td><\/tr><tr><td>Pregunta oberta &#8211; b<\/td><td>Faci una valoraci\u00f3, des de la seva perspectiva, sobre la qualitat creativa i art\u00edstica de la improvisaci\u00f3, explicant amb el major detall possible, les raons que el porten a aquesta valoraci\u00f3.<\/td><\/tr><tr><td style=\"border-top-color:#000\" colspan=\"2\"><em>Nota.<\/em> *Moviment del cos amb un objectiu determinat. P. ex., si la persona es despla\u00e7a caminant mentre mou el cap, s\u2019abaixa i fa una tombarella en el nivell baix, es considera que ha fet tres accions motrius: un despla\u00e7ament, un canvi de nivell i un gir.\u00a0<\/td><\/tr><\/tbody><\/table>\n\n\n\n<div class=\"wp-block-buttons is-layout-flex wp-block-buttons-is-layout-flex\">\n<div class=\"wp-block-button\"><a class=\"wp-block-button__link has-background no-border-radius wp-element-button\" href=\"https:\/\/revista-apunts.com\/ca\/validacio-de-linstrument-dicat-per-avaluar-la-creativitat-motriu-en-tasques-dimprovisacio-en-dansa\/#volver1630301\" style=\"background-color:#3B70E8\">Tornar a l&#8217;article<\/a><\/div>\n<\/div>\n","protected":false},"author":2,"template":"","featured_img":false,"coauthors":[],"author_meta":{"author_link":"https:\/\/revista-apunts.com\/ca\/author\/finderwilber\/","display_name":"finderwilber"},"relative_dates":{"created":"Posted 4 mesos ago","modified":"Updated 4 mesos ago"},"absolute_dates":{"created":"Posted on 23 desembre 2025","modified":"Updated on 23 desembre 2025"},"absolute_dates_time":{"created":"Posted on 23 desembre 2025 09:43","modified":"Updated on 23 desembre 2025 17:38"},"featured_img_caption":"","tax_additional":[],"series_order":"","_links":{"self":[{"href":"https:\/\/revista-apunts.com\/ca\/wp-json\/wp\/v2\/tablas\/70118\/"}],"collection":[{"href":"https:\/\/revista-apunts.com\/ca\/wp-json\/wp\/v2\/tablas\/"}],"about":[{"href":"https:\/\/revista-apunts.com\/ca\/wp-json\/wp\/v2\/types\/tablas\/"}],"version-history":[{"count":1,"href":"https:\/\/revista-apunts.com\/ca\/wp-json\/wp\/v2\/tablas\/70118\/revisions\/"}],"predecessor-version":[{"id":70121,"href":"https:\/\/revista-apunts.com\/ca\/wp-json\/wp\/v2\/tablas\/70118\/revisions\/70121\/"}],"wp:attachment":[{"href":"https:\/\/revista-apunts.com\/ca\/wp-json\/wp\/v2\/media\/?parent=70118"}],"curies":[{"name":"wp","href":"https:\/\/api.w.org\/{rel}","templated":true}]}}