{"id":70033,"date":"2025-12-23T10:53:08","date_gmt":"2025-12-23T10:53:08","guid":{"rendered":"https:\/\/revista-apunts.com\/tablas\/tabla-3-163-07\/"},"modified":"2025-12-23T12:03:17","modified_gmt":"2025-12-23T12:03:17","slug":"tabla-3-163-07","status":"publish","type":"tablas","link":"https:\/\/revista-apunts.com\/ca\/tablas\/tabla-3-163-07\/","title":{"rendered":"Taula 3 \u2013 163.07"},"content":{"rendered":"\n<h2 class=\"wp-block-heading\">Taula 3<\/h2>\n\n\n\n<p><em><em><em><em><em><em><em><em>Operacionalitzaci\u00f3 de les preguntes de l\u2019entrevista<\/em><\/em><\/em><\/em><\/em><\/em><\/em><\/em><\/p>\n\n\n\n<table class=\"wp-block-advgb-table advgb-table-frontend\"><tbody><tr><td style=\"border-top-color:#000;border-bottom-color:#000\">Dimensi\u00f3\u00a0\u00a0<\/td><td style=\"border-top-color:#000;border-bottom-color:#000\">Pregunta (P)<\/td><td style=\"border-top-color:#000;border-bottom-color:#000\">P<\/td><\/tr><tr><td>Disseny did\u00e0ctic<\/td><td>Quin \u00e9s la concepci\u00f3 i el disseny did\u00e0ctic de les classes que imparteixes?<\/td><td>1<\/td><\/tr><tr><td style=\"border-top-color:#000;border-bottom-color:#000\">Equilibri entre teoria i pr\u00e0ctica<\/td><td style=\"border-top-color:#000;border-bottom-color:#000\">Com \u00e9s l&#8217;equilibri entre teoria i pr\u00e0ctica en les teves classes?<\/td><td style=\"border-top-color:#000;border-bottom-color:#000\">2<\/td><\/tr><tr><td>\u00das de les TIC<\/td><td>Quin valor o import\u00e0ncia dones a l&#8217;\u00fas de les TIC en les teves classes i amb quina freq\u00fc\u00e8ncia les utilitzes?<\/td><td>3<\/td><\/tr><tr><td style=\"border-top-color:#000;border-bottom-color:#000\">Foment de la creativitat<\/td><td style=\"border-top-color:#000;border-bottom-color:#000\">Com motives i fomentes la creativitat dels alumnes en les teves classes?<\/td><td style=\"border-top-color:#000;border-bottom-color:#000\">4<\/td><\/tr><tr><td style=\"border-bottom-color:#000\" rowspan=\"2\">Exemples en el context de l&#8217;Educaci\u00f3 F\u00edsica i l&#8217;Esport<\/td><td style=\"border-bottom-color:#000\">Com selecciones i adaptes els exemples en les teves classes perqu\u00e8 s&#8217;ajustin als principis de l&#8217;Educaci\u00f3 F\u00edsica i l&#8217;Esport?<\/td><td style=\"border-bottom-color:#000\">5<\/td><\/tr><tr><td style=\"border-bottom-color:#000\">Reculls i analitzes dades de camp reals en Educaci\u00f3 F\u00edsica i Esport?<\/td><td style=\"border-bottom-color:#000\">6<\/td><\/tr><\/tbody><\/table>\n\n\n\n<div class=\"wp-block-buttons is-layout-flex wp-block-buttons-is-layout-flex\">\n<div class=\"wp-block-button\"><a class=\"wp-block-button__link has-background no-border-radius wp-element-button\" href=\"https:\/\/revista-apunts.com\/ca\/la-docencia-investigadora-en-la-formacio-del-professorat-deducacio-fisica-i-esport\/#volver1630703\" style=\"background-color:#3B70E8\">Tornar a l&#8217;article<\/a><\/div>\n<\/div>\n","protected":false},"author":2,"template":"","featured_img":false,"coauthors":[],"author_meta":{"author_link":"https:\/\/revista-apunts.com\/ca\/author\/finderwilber\/","display_name":"finderwilber"},"relative_dates":{"created":"Posted 4 mesos ago","modified":"Updated 4 mesos ago"},"absolute_dates":{"created":"Posted on 23 desembre 2025","modified":"Updated on 23 desembre 2025"},"absolute_dates_time":{"created":"Posted on 23 desembre 2025 10:53","modified":"Updated on 23 desembre 2025 12:03"},"featured_img_caption":"","tax_additional":[],"series_order":"","_links":{"self":[{"href":"https:\/\/revista-apunts.com\/ca\/wp-json\/wp\/v2\/tablas\/70033\/"}],"collection":[{"href":"https:\/\/revista-apunts.com\/ca\/wp-json\/wp\/v2\/tablas\/"}],"about":[{"href":"https:\/\/revista-apunts.com\/ca\/wp-json\/wp\/v2\/types\/tablas\/"}],"version-history":[{"count":1,"href":"https:\/\/revista-apunts.com\/ca\/wp-json\/wp\/v2\/tablas\/70033\/revisions\/"}],"predecessor-version":[{"id":70037,"href":"https:\/\/revista-apunts.com\/ca\/wp-json\/wp\/v2\/tablas\/70033\/revisions\/70037\/"}],"wp:attachment":[{"href":"https:\/\/revista-apunts.com\/ca\/wp-json\/wp\/v2\/media\/?parent=70033"}],"curies":[{"name":"wp","href":"https:\/\/api.w.org\/{rel}","templated":true}]}}