{"id":62207,"date":"2023-11-29T10:49:59","date_gmt":"2023-11-29T10:49:59","guid":{"rendered":"https:\/\/revista-apunts.com\/tablas\/tabla-1-155-07\/"},"modified":"2023-12-07T12:28:22","modified_gmt":"2023-12-07T12:28:22","slug":"taula-1-155-07","status":"publish","type":"tablas","link":"https:\/\/revista-apunts.com\/ca\/tablas\/taula-1-155-07\/","title":{"rendered":"Taula 1 &#8211; 155.07"},"content":{"rendered":"\n<h2 class=\"wp-block-heading\">Taula 1<\/h2>\n\n\n\n<p><em>Principals caracter\u00edstiques dels cims.<\/em><\/p>\n\n\n\n<table class=\"wp-block-advgb-table advgb-table-frontend\"><tbody><tr><td style=\"border-top-color:#000;border-bottom-color:#000;text-align:center\"><br><\/td><td style=\"border-top-color:#000;border-bottom-color:#000;text-align:center\">Mulhac\u00e9n<\/td><td style=\"border-top-color:#000;border-bottom-color:#000;text-align:center\">Monte Perdido<\/td><td style=\"border-top-color:#000;border-bottom-color:#000;text-align:center\">Aneto<\/td><td style=\"border-top-color:#000;border-bottom-color:#000;text-align:center\">Pica d\u2019Estats<\/td><td style=\"border-top-color:#000;border-bottom-color:#000;text-align:center\">Pedraforca<\/td><\/tr><tr><td colspan=\"6\"><strong>Caracter\u00edstiques generals<\/strong><\/td><\/tr><tr><td>Ubicaci\u00f3<sup>1<\/sup><\/td><td style=\"text-align:center\">30N 472300 4100841<\/td><td style=\"text-align:center\">31N 256998 4729051<\/td><td style=\"text-align:center\">31N 307853 4722508<\/td><td style=\"text-align:center\">31N 368712 4725071<\/td><td style=\"text-align:center\">31N 392983 4677231<\/td><\/tr><tr><td>Comunitat aut\u00f2noma<\/td><td style=\"text-align:center\">Andalusia<\/td><td style=\"text-align:center\">Arag\u00f3<\/td><td style=\"text-align:center\">Arag\u00f3<\/td><td style=\"text-align:center\">Catalunya<\/td><td style=\"text-align:center\">Catalunya<\/td><\/tr><tr><td>Prov\u00edncia<\/td><td style=\"text-align:center\">Granada<\/td><td style=\"text-align:center\">Osca<\/td><td style=\"text-align:center\">Osca<\/td><td style=\"text-align:center\">Lleida<\/td><td style=\"text-align:center\">Barcelona- Lleida<\/td><\/tr><tr><td>Dist\u00e0ncia i temps aproximat a grans nuclis de poblaci\u00f3<sup>2<\/sup><\/td><td style=\"text-align:center\">43 km des de\u00a0<br>Granada (49\u2019)<br>170 km des de\u00a0<br>M\u00e0laga (2 h 12\u2019)<\/td><td style=\"text-align:center\">87.1 km des d\u2019Osca\u00a0<br>(1 h 15\u2019)<br>158 km des de<br>Saragossa (2 h)<\/td><td style=\"text-align:center\">152 km des d\u2019Osca<br>(2 h 30\u2019)<br>162 km des de Lleida<br>(2 h 35\u2019)<\/td><td style=\"text-align:center\">265 km des de\u00a0<br>Barcelona (3 h 50\u2019)<br>170 km des de<br>Lleida (2 h 50\u2019)<\/td><td style=\"text-align:center\">145 km des de Barcelona\u00a0<br>(1 h 50\u2019)<br>195 km des de Lleida\u00a0<br>(2 h 10\u2019)<\/td><\/tr><tr><td style=\"border-top-color:#000\" colspan=\"6\"><strong>Caracter\u00edstiques de gesti\u00f3<\/strong><\/td><\/tr><tr><td>Entitat gestora<\/td><td style=\"text-align:center\">Junta d\u2019Andalusia. Conselleria de Sostenibilitat, Medi Ambient i Economia Blava. Organisme aut\u00f2nom de Parcs Nacionals<\/td><td style=\"text-align:center\">Govern d\u2019Arag\u00f3. Departament d\u2019Agricultura, Ramaderia i Medi Ambient Organisme aut\u00f2nom de Parcs Nacionals<\/td><td style=\"text-align:center\">Govern d\u2019Arag\u00f3. Departament d\u2019Agricultura, Ramaderia i Medi Ambient<\/td><td style=\"text-align:center\">Generalitat de Catalunya. Departament d\u2019Acci\u00f3 Clim\u00e0tica, Alimentaci\u00f3 i Agenda Rural<\/td><td style=\"text-align:center\">Generalitat de Catalunya. Departament d\u2019Acci\u00f3 Clim\u00e0tica, Alimentaci\u00f3 i Agenda Rural<\/td><\/tr><tr><td>Nivell de protecci\u00f3<\/td><td style=\"text-align:center\">Natura 2000<br>Parc Nacional de Sierra Nevada<\/td><td style=\"text-align:center\">Natura 2000<br>Parc Nacional d\u2019Ordesa i<br>Monte Perdido<\/td><td style=\"text-align:center\">Natura 2000<br>Parc Natural de<br>Posets-Maladeta<\/td><td style=\"text-align:center\">Natura 2000<br>Parc Natural de<br>l\u2019Alt Pirineu<\/td><td style=\"text-align:center\">Natura 2000<br>Parc Natural del Cad\u00ed-Moixer\u00f3 Paratge Natural d\u2019Inter\u00e8s Nacional del Mass\u00eds del Pedraforca<\/td><\/tr><tr><td>Regulaci\u00f3 d\u2019acc\u00e9s<\/td><td style=\"text-align:center\">Sense regulaci\u00f3<\/td><td style=\"text-align:center\">Regulaci\u00f3 temporal de l\u2019aparcament<\/td><td style=\"text-align:center\">Regulaci\u00f3 temporal de l\u2019aparcament<\/td><td style=\"text-align:center\">Sense regulaci\u00f3<\/td><td style=\"text-align:center\">Sense regulaci\u00f3<\/td><\/tr><tr><td style=\"border-top-color:#000\" colspan=\"6\"><strong>Caracter\u00edstiques f\u00edsiques<\/strong><\/td><\/tr><tr><td>Altitud m s.n.m.<\/td><td style=\"text-align:right\">3,479<\/td><td style=\"text-align:right\">3,355<\/td><td style=\"text-align:right\">3,404<\/td><td style=\"text-align:right\">3,143<\/td><td style=\"text-align:right\">2,506<\/td><\/tr><tr><td>Nombre de rutes d\u2019acc\u00e9s<\/td><td style=\"text-align:right\">5<\/td><td style=\"text-align:right\">3<\/td><td style=\"text-align:right\">2<\/td><td style=\"text-align:right\">3<\/td><td style=\"text-align:right\">3<\/td><\/tr><tr><td>Dist\u00e0ncia de la ruta m\u00e9s popular (km)<\/td><td style=\"text-align:right\">16.5<\/td><td style=\"text-align:right\">31.1<\/td><td style=\"text-align:right\">14.8<\/td><td style=\"text-align:right\">18.4<\/td><td style=\"text-align:right\">7.6<\/td><\/tr><tr><td>Desnivell positiu (m)<\/td><td style=\"text-align:right\">1,255<\/td><td style=\"text-align:right\">2,889<\/td><td style=\"text-align:right\">1,499<\/td><td style=\"text-align:right\">1,582<\/td><td style=\"text-align:right\">1,059<\/td><\/tr><tr><td>Singularitats d\u2019accessibilitat<\/td><td style=\"text-align:center\">Penyalar<\/td><td style=\"text-align:center\">Glacera \u2013 Penyalar pedra solta<\/td><td style=\"text-align:center\">Glacera<\/td><td style=\"text-align:center\">Penyalar<\/td><td style=\"text-align:center\">Grimpada<\/td><\/tr><tr><td>Dificultat (m\u00e8tode Sendif)<sup>3<\/sup><\/td><td style=\"text-align:right\">1,894<\/td><td style=\"text-align:right\">4,629<\/td><td style=\"text-align:right\">2,076<\/td><td style=\"text-align:right\">2,336<\/td><td style=\"text-align:right\">1,435<\/td><\/tr><tr><td style=\"border-top-color:#000\" colspan=\"6\">Caracter\u00edstiques socials<\/td><\/tr><tr><td>Nombre visitants del Parc 2020<\/td><td style=\"text-align:right\">418,734<\/td><td style=\"text-align:right\">422,570<\/td><td style=\"text-align:right\">Sense dades<\/td><td style=\"text-align:right\">367,713<\/td><td style=\"text-align:right\">363,370<\/td><\/tr><tr><td>Nombre de visitants cim any 2020<\/td><td style=\"text-align:right\">19,609<\/td><td style=\"text-align:right\">17,002<\/td><td style=\"text-align:right\">9,912<\/td><td style=\"text-align:right\">7,713<\/td><td style=\"text-align:right\">27,678<\/td><\/tr><tr><td style=\"border-top-color:#000\" colspan=\"6\">Nota: <sup>(1) <\/sup>Nota: <sup>(1)<\/sup>Es va utilitzar el sistema de refer\u00e8ncia de coordenades ETRS89 \/ UTM <sup>(2)<\/sup>Es va utilitzar Google Maps per fer el c\u00e0lcul (dist\u00e0ncia i temps). <sup>(3)<\/sup>Sendif \u00e9s un m\u00e8tode per determinar la dificultat dels itineraris a peu, desenvolupat per l\u2019Institut per al Desenvolupament i la Promoci\u00f3 de l\u2019Alt Pirineu i Aran (IDAPA, 2018).<\/td><\/tr><\/tbody><\/table>\n\n\n\n<div class=\"wp-block-buttons is-layout-flex wp-block-buttons-is-layout-flex\">\n<div class=\"wp-block-button\"><a class=\"wp-block-button__link has-background no-border-radius wp-element-button\" href=\"https:\/\/revista-apunts.com\/ca\/el-perfil-del-practicant-de-muntanyisme-en-espais-naturals-protegits-despanya\/#volver1550701\" style=\"background-color:#3B70E8\">Tornar a l&#8217;article<\/a><\/div>\n<\/div>\n","protected":false},"author":2,"template":"","featured_img":false,"coauthors":[],"author_meta":{"author_link":"https:\/\/revista-apunts.com\/ca\/author\/finderwilber\/","display_name":"finderwilber"},"relative_dates":{"created":"Posted 2 anys ago","modified":"Updated 2 anys ago"},"absolute_dates":{"created":"Posted on 29 novembre 2023","modified":"Updated on 7 desembre 2023"},"absolute_dates_time":{"created":"Posted on 29 novembre 2023 10:49","modified":"Updated on 7 desembre 2023 12:28"},"featured_img_caption":"","tax_additional":[],"series_order":"","_links":{"self":[{"href":"https:\/\/revista-apunts.com\/ca\/wp-json\/wp\/v2\/tablas\/62207\/"}],"collection":[{"href":"https:\/\/revista-apunts.com\/ca\/wp-json\/wp\/v2\/tablas\/"}],"about":[{"href":"https:\/\/revista-apunts.com\/ca\/wp-json\/wp\/v2\/types\/tablas\/"}],"version-history":[{"count":2,"href":"https:\/\/revista-apunts.com\/ca\/wp-json\/wp\/v2\/tablas\/62207\/revisions\/"}],"predecessor-version":[{"id":62212,"href":"https:\/\/revista-apunts.com\/ca\/wp-json\/wp\/v2\/tablas\/62207\/revisions\/62212\/"}],"wp:attachment":[{"href":"https:\/\/revista-apunts.com\/ca\/wp-json\/wp\/v2\/media\/?parent=62207"}],"curies":[{"name":"wp","href":"https:\/\/api.w.org\/{rel}","templated":true}]}}