{"id":1771,"date":"2020-06-28T16:50:30","date_gmt":"2020-06-28T16:50:30","guid":{"rendered":"http:\/\/revista-apunts.com\/?post_type=tablas&#038;p=1771"},"modified":"2020-07-03T09:56:23","modified_gmt":"2020-07-03T09:56:23","slug":"taula-1-139-05","status":"publish","type":"tablas","link":"https:\/\/revista-apunts.com\/ca\/tablas\/taula-1-139-05\/","title":{"rendered":"Taula 1 &#8211; 139.05"},"content":{"rendered":"\n<h2 class=\"wp-block-heading\">Taula 1<\/h2>\n\n\n\n<p><em>Resultats de l\u2019an\u00e0lisi factorial<\/em><\/p>\n\n\n\n<table class=\"wp-block-advgb-table advgb-table-frontend\"><tbody><tr><td style=\"border-top-color:#000;border-bottom-color:#000\">Compet\u00e8ncies espec\u00edfiques<\/td><td style=\"border-top-color:#000;border-bottom-color:#000;text-align:center\" colspan=\"3\">Components<\/td><td style=\"border-top-color:#000;border-bottom-color:#000;text-align:center\">Factors<\/td><td style=\"border-top-color:#000;border-bottom-color:#000\"><\/td><\/tr><tr><td>Dissenyar, aplicar i analitzar intervencions did\u00e0ctiques en l\u2019assignatura d\u2019EF<\/td><td style=\"text-align:center\">.604<\/td><td style=\"text-align:center\"><\/td><td style=\"text-align:center\"><\/td><td rowspan=\"9\">Disseny, aplicaci\u00f3 i avaluaci\u00f3 de processos d\u2019ensenyament aprenentatge en EF<\/td><td><\/td><\/tr><tr><td>Elaborar i posar en pr\u00e0ctica programes d\u2019EF que facilitin la inclusi\u00f3 efectiva de l\u2019alumnat amb necessitats educatives especials<\/td><td style=\"text-align:center\">.667<\/td><td style=\"text-align:center\"><\/td><td style=\"text-align:center\"><\/td><\/tr><tr><td>Dise\u00f1ar, desarrollar y evaluar los procesos Dissenyar, desenvolupar i avaluar els processos d\u2019ensenyament\u2013aprenentatge relatius a l\u2019activitat f\u00edsica i l\u2019esport amb atenci\u00f3 a les caracter\u00edstiques individuals i contextuals de les persones.<\/td><td style=\"text-align:center\">.685<\/td><td style=\"text-align:center\"><\/td><td style=\"text-align:center\"><\/td><\/tr><tr><td>Saber utilitzar instruments d\u2019avaluaci\u00f3 en l\u2019assignatura d\u2019EF<\/td><td style=\"text-align:center\">.710<\/td><td style=\"text-align:center\"><\/td><td style=\"text-align:center\"><\/td><\/tr><tr><td>Promoure activitats complement\u00e0ries relacionades amb l\u2019activitat f\u00edsica i l\u2019esport dins i fora del recinte educatiu<\/td><td style=\"text-align:center\">.550<\/td><td style=\"text-align:center\"><\/td><td style=\"text-align:center\"><\/td><\/tr><tr><td>Donar resposta a la diversitat en les pr\u00e0ctiques d\u2019EF<\/td><td style=\"text-align:center\">.693<\/td><td style=\"text-align:center\"><\/td><td style=\"text-align:center\"><\/td><\/tr><tr><td>Tenir capacitat de reflexi\u00f3 sobre el proc\u00e9s d\u2019ensenyament\/aprenentatge, els diferents tipus organitzatius i les diferents metodologies dins de les classes d\u2019EF<\/td><td style=\"text-align:center\">.639<\/td><td style=\"text-align:center\"><\/td><td style=\"text-align:center\"><\/td><\/tr><tr><td>Dissenyar, modificar i\/o adaptar al context educatiu situacions motrius orientades al desenvolupament i perfeccionament de les habilitats motrius<\/td><td style=\"text-align:center\">.576<\/td><td style=\"text-align:center\"><\/td><td style=\"text-align:center\"><\/td><\/tr><tr><td>Dissenyar, desenvolupar i avaluar processos d\u2019ensenyament\u2013aprenentatge relatius a compet\u00e8ncia motriu, amb atenci\u00f3 a les caracter\u00edstiques individuals i contextuals de les persones<\/td><td style=\"text-align:center\">.756<\/td><td style=\"text-align:center\"><\/td><td style=\"text-align:center\"><\/td><\/tr><tr><td>Con\u00e8ixer i promoure les diferents manifestacions motrius que formen part de la teva cultura tradicional<\/td><td style=\"text-align:center\"><\/td><td style=\"text-align:center\">.605<\/td><td style=\"text-align:center\"><\/td><td rowspan=\"6\">Continguts motrius i esportius<\/td><td><\/td><\/tr><tr><td>Con\u00e8ixer el desenvolupament psicomotor i la seva maduraci\u00f3 evolutiva<\/td><td style=\"text-align:center\"><\/td><td style=\"text-align:center\">.777<\/td><td style=\"text-align:center\"><\/td><td><\/td><\/tr><tr><td>Conocer los elementos y fundamentos de la eCon\u00e8ixer els elements i fonaments de l\u2019expressi\u00f3 corporal i la comunicaci\u00f3 no verbal i el seu valor formatiu i cultural<\/td><td style=\"text-align:center\"><\/td><td style=\"text-align:center\">.672<\/td><td style=\"text-align:center\"><\/td><td><\/td><\/tr><tr><td>Con\u00e8ixer els fonaments b\u00e0sics de la iniciaci\u00f3 esportiva escolar i dissenyar tasques espec\u00edfiques per a utilitzar-los en l\u2019\u00e0mbit de l\u2019ensenyament<\/td><td style=\"text-align:center\"><\/td><td style=\"text-align:center\">.601<\/td><td style=\"text-align:center\"><\/td><td><\/td><\/tr><tr><td>Saber utilitzar el joc com a recurs did\u00e0ctic i com a contingut d\u2019ensenyament<\/td><td style=\"text-align:center\"><\/td><td style=\"text-align:center\">.408<\/td><td style=\"text-align:center\"><\/td><td><\/td><\/tr><tr><td>Con\u00e8ixer i comprendre els processos evolutius corporals i motrius<\/td><td style=\"text-align:center\"><\/td><td style=\"text-align:center\">.561<\/td><td style=\"text-align:center\"><\/td><td><\/td><\/tr><tr><td>Con\u00e8ixer les capacitats f\u00edsiques i els factors que determinen la seva evoluci\u00f3 i saber aplicar els seus fonaments t\u00e8cnics espec\u00edfics<\/td><td style=\"text-align:center\"><\/td><td style=\"text-align:center\"><\/td><td style=\"text-align:center\">.537<\/td><td rowspan=\"7\">Continguts de condici\u00f3 f\u00edsica i salut<\/td><td><\/td><\/tr><tr><td>Con\u00e8ixer els fonaments biol\u00f2gics i fisiol\u00f2gics del cos hum\u00e0 en relaci\u00f3 amb l\u2019activitat f\u00edsica<\/td><td style=\"text-align:center\"><\/td><td style=\"text-align:center\"><\/td><td style=\"text-align:center\">.621<\/td><td><\/td><\/tr><tr><td>Disposar d\u2019estrat\u00e8gies d\u2019aplicaci\u00f3 dels elements de salut sobre la higiene i alimentaci\u00f3 en la pr\u00e0ctica educativa<\/td><td style=\"text-align:center\"><\/td><td style=\"text-align:center\"><\/td><td style=\"text-align:center\">.581<\/td><td><\/td><\/tr><tr><td>Disposar d\u2019estrat\u00e8gies d\u2019ensenyament que promoguin l\u2019adquisici\u00f3 d\u2019h\u00e0bits d\u2019activitat f\u00edsica regular<\/td><td style=\"text-align:center\"><\/td><td style=\"text-align:center\"><\/td><td style=\"text-align:center\">.544<\/td><td><\/td><\/tr><tr><td>Saber aplicar els fonaments (t\u00e8cniques) de les activitats f\u00edsiques en el medi natural<\/td><td style=\"text-align:center\"><\/td><td style=\"text-align:center\"><\/td><td style=\"text-align:center\">.439<\/td><td><\/td><\/tr><tr><td>Analizar y comunicar, de manera cr\u00edtica y fundamentada, el valor de la actividad Analitzar i comunicar, de manera cr\u00edtica i fonamentada, el valor de l\u2019activitat f\u00edsica i l\u2019esport i les seves possibilitats de contribuir al desenvolupament i benestar de les persones<\/td><td style=\"text-align:center\"><\/td><td style=\"text-align:center\"><\/td><td style=\"text-align:center\">.667<\/td><td><\/td><\/tr><tr><td>Identificar i prevenir els riscos que es deriven per a la salut de la pr\u00e0ctica d\u2019activitats f\u00edsiques inadequades<\/td><td style=\"text-align:center\"><\/td><td style=\"text-align:center\"><\/td><td style=\"text-align:center\">.768<\/td><td><\/td><\/tr><tr><td>Autovalores<br>% varianza explicada acumulada<\/td><td style=\"text-align:center\">40.82<\/td><td style=\"text-align:center\">47.96<\/td><td style=\"text-align:center\">54.26<\/td><td><\/td><td><\/td><\/tr><tr><td>KMO: 0.94.<\/td><td style=\"text-align:center\"><\/td><td style=\"text-align:center\"><\/td><td style=\"text-align:center\"><\/td><td><\/td><td><\/td><\/tr><tr><td style=\"border-bottom-color:#000\" colspan=\"4\">Prova d\u2019esfericitat de Barlett: 4930, 449. <em>gl<\/em>.: 231. <em>p<\/em> &lt; .001.<\/td><td><\/td><\/tr><\/tbody><\/table>\n\n\n\n<div class=\"wp-block-buttons is-layout-flex wp-block-buttons-is-layout-flex\">\n<div class=\"wp-block-button\"><a class=\"wp-block-button__link has-background no-border-radius\" href=\"http:\/\/revista-apunts.com\/ca\/competencias-del-profesorado-de-educacion-fisica-y-valoracion-en-la-practica-profesional\/#volver1390501\" style=\"background-color:#3B70E8\">Tornar a l&#8217;article<\/a><\/div>\n<\/div>\n\n\n\n<p><\/p>\n","protected":false},"author":4,"template":"","featured_img":false,"coauthors":[],"author_meta":{"author_link":"https:\/\/revista-apunts.com\/ca\/author\/redaccio\/","display_name":"Redaccio"},"relative_dates":{"created":"Posted 6 anys ago","modified":"Updated 6 anys ago"},"absolute_dates":{"created":"Posted on 28 juny 2020","modified":"Updated on 3 juliol 2020"},"absolute_dates_time":{"created":"Posted on 28 juny 2020 16:50","modified":"Updated on 3 juliol 2020 09:56"},"featured_img_caption":"","tax_additional":[],"series_order":"","_links":{"self":[{"href":"https:\/\/revista-apunts.com\/ca\/wp-json\/wp\/v2\/tablas\/1771\/"}],"collection":[{"href":"https:\/\/revista-apunts.com\/ca\/wp-json\/wp\/v2\/tablas\/"}],"about":[{"href":"https:\/\/revista-apunts.com\/ca\/wp-json\/wp\/v2\/types\/tablas\/"}],"version-history":[{"count":2,"href":"https:\/\/revista-apunts.com\/ca\/wp-json\/wp\/v2\/tablas\/1771\/revisions\/"}],"predecessor-version":[{"id":3493,"href":"https:\/\/revista-apunts.com\/ca\/wp-json\/wp\/v2\/tablas\/1771\/revisions\/3493\/"}],"wp:attachment":[{"href":"https:\/\/revista-apunts.com\/ca\/wp-json\/wp\/v2\/media\/?parent=1771"}],"curies":[{"name":"wp","href":"https:\/\/api.w.org\/{rel}","templated":true}]}}